{"id":3050,"date":"2023-06-26T08:18:45","date_gmt":"2023-06-26T08:18:45","guid":{"rendered":"http:\/\/ufegeneve.com\/?post_type=tribe_events&#038;p=3050"},"modified":"2023-06-26T08:18:45","modified_gmt":"2023-06-26T08:18:45","slug":"lufe-geneve-vous-invite-a-celebrer-la-fete-nationale-16-juillet-2023","status":"publish","type":"tribe_events","link":"http:\/\/ufegeneve.com\/index.php\/event\/lufe-geneve-vous-invite-a-celebrer-la-fete-nationale-16-juillet-2023\/","title":{"rendered":"L&rsquo;UFE Gen\u00e8ve vous invite \u00e0 c\u00e9l\u00e9brer la F\u00eate Nationale &#8211; 16 juillet 2023"},"content":{"rendered":"<p><a href=\"http:\/\/ufegeneve.com\/wp-content\/uploads\/2023\/06\/ufe140723-1.jpg\"><img loading=\"lazy\" decoding=\"async\" class=\"aligncenter size-full wp-image-3051\" src=\"http:\/\/ufegeneve.com\/wp-content\/uploads\/2023\/06\/ufe140723-1.jpg\" alt=\"\" width=\"275\" height=\"274\" srcset=\"http:\/\/ufegeneve.com\/wp-content\/uploads\/2023\/06\/ufe140723-1.jpg 275w, http:\/\/ufegeneve.com\/wp-content\/uploads\/2023\/06\/ufe140723-1-150x150.jpg 150w\" sizes=\"auto, (max-width: 275px) 100vw, 275px\" \/><\/a><\/p>\n<p style=\"text-align: left;\"><span style=\"color: #236fa1;\">L\u2019Union des Fran\u00e7ais de l\u2019\u00c9tranger Gen\u00e8ve et sa pr\u00e9sidente, Linda Chevalier, vous invitent \u00e0 les rejoindre pour c\u00e9l\u00e9brer la F\u00eate nationale autour d\u2019un<\/span><\/p>\n<p style=\"text-align: center;\"><span style=\"color: #236fa1;\"><strong>Brunch<\/strong><br \/>\n<strong>Dimanche 16 juillet 2023 \u00e0 11H30<\/strong><br \/>\n<strong>au Restaurant du Parc des Eaux-Vives<\/strong><br \/>\n<strong>82 Quai Gustave-Ador \/ 1207 Gen\u00e8ve<\/strong><br \/>\n<strong>(parking \u00e0 disposition)<\/strong><\/span><\/p>\n<p style=\"text-align: center;\"><span style=\"color: #236fa1;\"><strong>Monsieur Marc Ferracci, D\u00e9put\u00e9 des Fran\u00e7ais de Suisse et du Liechtenstein<\/strong><\/span><\/p>\n<p style=\"text-align: center;\"><span style=\"color: #236fa1;\"><strong>et<\/strong><\/span><\/p>\n<p style=\"text-align: center;\"><span style=\"color: #236fa1;\"><strong>Monsieur Patrick Lachauss\u00e9e, Consul g\u00e9n\u00e9ral de France \u00e0 Gen\u00e8ve<\/strong><\/span><\/p>\n<p style=\"text-align: center;\"><span style=\"color: #236fa1;\"><strong>nous feront l&rsquo;honneur de leur pr\u00e9sence.<\/strong><\/span><\/p>\n","protected":false},"excerpt":{"rendered":"<p>L\u2019Union des Fran\u00e7ais de l\u2019\u00c9tranger Gen\u00e8ve et sa pr\u00e9sidente, Linda Chevalier, vous invitent \u00e0 les rejoindre pour c\u00e9l\u00e9brer la F\u00eate nationale autour d\u2019un Brunch Dimanche 16 juillet 2023 \u00e0 11H30 au Restaurant du Parc des Eaux-Vives 82 Quai Gustave-Ador \/ 1207 Gen\u00e8ve (parking \u00e0 disposition) Monsieur Marc Ferracci, D\u00e9put\u00e9 des Fran\u00e7ais de Suisse et du [&hellip;]<\/p>\n","protected":false},"author":1,"featured_media":0,"template":"","meta":{"_price":"","_stock":"","_tribe_ticket_header":"","_tribe_default_ticket_provider":"","_tribe_ticket_capacity":"0","_ticket_start_date":"","_ticket_end_date":"","_tribe_ticket_show_description":"","_tribe_ticket_show_not_going":false,"_tribe_ticket_use_global_stock":"","_tribe_ticket_global_stock_level":"","_global_stock_mode":"","_global_stock_cap":"","_tribe_rsvp_for_event":"","_tribe_ticket_going_count":"","_tribe_ticket_not_going_count":"","_tribe_tickets_list":"[]","_tribe_ticket_has_attendee_info_fields":false,"_themeisle_gutenberg_block_has_review":false,"_tribe_events_status":"","_tribe_events_status_reason":"","footnotes":"","_tec_slr_enabled":"","_tec_slr_layout":""},"tags":[],"tribe_events_cat":[],"class_list":["post-3050","tribe_events","type-tribe_events","status-publish","hentry"],"ticketed":false,"_links":{"self":[{"href":"http:\/\/ufegeneve.com\/index.php\/wp-json\/wp\/v2\/tribe_events\/3050","targetHints":{"allow":["GET"]}}],"collection":[{"href":"http:\/\/ufegeneve.com\/index.php\/wp-json\/wp\/v2\/tribe_events"}],"about":[{"href":"http:\/\/ufegeneve.com\/index.php\/wp-json\/wp\/v2\/types\/tribe_events"}],"author":[{"embeddable":true,"href":"http:\/\/ufegeneve.com\/index.php\/wp-json\/wp\/v2\/users\/1"}],"version-history":[{"count":2,"href":"http:\/\/ufegeneve.com\/index.php\/wp-json\/wp\/v2\/tribe_events\/3050\/revisions"}],"predecessor-version":[{"id":3192,"href":"http:\/\/ufegeneve.com\/index.php\/wp-json\/wp\/v2\/tribe_events\/3050\/revisions\/3192"}],"wp:attachment":[{"href":"http:\/\/ufegeneve.com\/index.php\/wp-json\/wp\/v2\/media?parent=3050"}],"wp:term":[{"taxonomy":"post_tag","embeddable":true,"href":"http:\/\/ufegeneve.com\/index.php\/wp-json\/wp\/v2\/tags?post=3050"},{"taxonomy":"tribe_events_cat","embeddable":true,"href":"http:\/\/ufegeneve.com\/index.php\/wp-json\/wp\/v2\/tribe_events_cat?post=3050"}],"curies":[{"name":"wp","href":"https:\/\/api.w.org\/{rel}","templated":true}]}}