{"id":3406,"date":"2024-05-29T05:43:00","date_gmt":"2024-05-29T05:43:00","guid":{"rendered":"http:\/\/ufegeneve.com\/?post_type=tribe_events&#038;p=3406"},"modified":"2024-05-29T05:43:00","modified_gmt":"2024-05-29T05:43:00","slug":"beach-cabine-party-invitation-lancement-livre-cabines-de-plages-photographies-karine-bauzin","status":"publish","type":"tribe_events","link":"http:\/\/ufegeneve.com\/index.php\/event\/beach-cabine-party-invitation-lancement-livre-cabines-de-plages-photographies-karine-bauzin\/","title":{"rendered":"Beach Cabine Party \/ Invitation &#8211; Lancement livre \u00ab Cabines de Plages \u00bb Photographies Karine Bauzin"},"content":{"rendered":"<div class=\"\">\n<p>Chers membres, chers amis,<\/p>\n<p>Notre bien-aim\u00e9e et talentueuse photographe\u00a0<strong>Karine Bauzin<\/strong>\u00a0a le plaisir d\u2019inviter les membres de l\u2019UFE Gen\u00e8ve au lancement de son dernier livre de photographies<\/p>\n<p style=\"text-align: center;\"><strong>\u00ab Cabines de plage \u00bb\u00a0<\/strong><\/p>\n<p style=\"text-align: center;\"><strong>Jeudi 30 mai de 17h30 \u00e0 19h00<\/strong><br \/>\n\u00e0 la Librairie Payot Gen\u00e8ve Rive Gauche<\/p>\n<p style=\"text-align: center;\">ou<\/p>\n<p style=\"text-align: center;\"><strong>Samedi 1er juin \u00e0 Gen\u00e8ve-Plage<\/strong><br \/>\nentr\u00e9e libre de 14h00 \u00e0 18h00<br \/>\nd\u00e9dicace, cocktail, baignade<br \/>\nInscription en mentionnant \u00ab\u00a0membre UFE\u00a0\u00bb aupr\u00e8s de\u00a0<a href=\"mailto:kbauzin@bluewin.ch\">kbauzin@bluewin.ch<\/a><br \/>\nafin qu\u2019elle puisse mettre votre nom sur la guest list.<\/p>\n<p>Nous comptons sur votre pr\u00e9sence.<\/p>\n<p>Avec toutes nos amiti\u00e9s.<\/p>\n<\/div>\n<div class=\"\"><span class=\"\">Linda Chevalier<br class=\"\" aria-hidden=\"true\" \/>Conseill\u00e8re des Fran\u00e7ais de l\u2019Etranger pour la Circonscription de Gen\u00e8ve<br class=\"\" aria-hidden=\"true\" \/>Administratrice de l\u2019UFE Monde<br class=\"\" aria-hidden=\"true\" \/>Pr\u00e9sidente de l\u2019Union des Fran\u00e7ais de l\u2019Etranger, Repr\u00e9sentation de Gen\u00e8ve<br class=\"\" aria-hidden=\"true\" \/><a class=\"\" href=\"mailto:lindachevalier@bluewin.ch\" target=\"_blank\" rel=\"noopener noreferrer\" data-auth=\"NotApplicable\" data-linkindex=\"0\">lindachevalier@bluewin.ch<\/a><br class=\"\" aria-hidden=\"true\" \/>Tel mobile +41 79 353 84 36<\/span><\/div>\n<div><\/div>\n<p><a href=\"http:\/\/ufegeneve.com\/wp-content\/uploads\/2024\/05\/6655be72b9554.jpg\"><img loading=\"lazy\" decoding=\"async\" class=\"aligncenter size-full wp-image-3410\" src=\"http:\/\/ufegeneve.com\/wp-content\/uploads\/2024\/05\/6655be72b9554.jpg\" alt=\"\" width=\"1030\" height=\"696\" srcset=\"http:\/\/ufegeneve.com\/wp-content\/uploads\/2024\/05\/6655be72b9554.jpg 1030w, http:\/\/ufegeneve.com\/wp-content\/uploads\/2024\/05\/6655be72b9554-300x203.jpg 300w, http:\/\/ufegeneve.com\/wp-content\/uploads\/2024\/05\/6655be72b9554-1024x692.jpg 1024w, http:\/\/ufegeneve.com\/wp-content\/uploads\/2024\/05\/6655be72b9554-768x519.jpg 768w, http:\/\/ufegeneve.com\/wp-content\/uploads\/2024\/05\/6655be72b9554-600x405.jpg 600w\" sizes=\"auto, (max-width: 1030px) 100vw, 1030px\" \/><\/a><\/p>\n<p><a href=\"http:\/\/ufegeneve.com\/wp-content\/uploads\/2024\/05\/6655cb6e90e7d.jpg\"><img loading=\"lazy\" decoding=\"async\" class=\"aligncenter size-full wp-image-3409\" src=\"http:\/\/ufegeneve.com\/wp-content\/uploads\/2024\/05\/6655cb6e90e7d.jpg\" alt=\"\" width=\"852\" height=\"522\" srcset=\"http:\/\/ufegeneve.com\/wp-content\/uploads\/2024\/05\/6655cb6e90e7d.jpg 852w, http:\/\/ufegeneve.com\/wp-content\/uploads\/2024\/05\/6655cb6e90e7d-300x184.jpg 300w, http:\/\/ufegeneve.com\/wp-content\/uploads\/2024\/05\/6655cb6e90e7d-768x471.jpg 768w, http:\/\/ufegeneve.com\/wp-content\/uploads\/2024\/05\/6655cb6e90e7d-600x368.jpg 600w\" sizes=\"auto, (max-width: 852px) 100vw, 852px\" \/><\/a><\/p>\n<p><a href=\"http:\/\/ufegeneve.com\/wp-content\/uploads\/2024\/05\/6655d73b0635e.jpg\"><img loading=\"lazy\" decoding=\"async\" class=\"aligncenter size-full wp-image-3408\" src=\"http:\/\/ufegeneve.com\/wp-content\/uploads\/2024\/05\/6655d73b0635e.jpg\" alt=\"\" width=\"552\" height=\"772\" srcset=\"http:\/\/ufegeneve.com\/wp-content\/uploads\/2024\/05\/6655d73b0635e.jpg 552w, http:\/\/ufegeneve.com\/wp-content\/uploads\/2024\/05\/6655d73b0635e-215x300.jpg 215w\" sizes=\"auto, (max-width: 552px) 100vw, 552px\" \/><\/a><\/p>\n","protected":false},"excerpt":{"rendered":"<p>Chers membres, chers amis, Notre bien-aim\u00e9e et talentueuse photographe\u00a0Karine Bauzin\u00a0a le plaisir d\u2019inviter les membres de l\u2019UFE Gen\u00e8ve au lancement de son dernier livre de photographies \u00ab Cabines de plage \u00bb\u00a0 Jeudi 30 mai de 17h30 \u00e0 19h00 \u00e0 la Librairie Payot Gen\u00e8ve Rive Gauche ou Samedi 1er juin \u00e0 Gen\u00e8ve-Plage entr\u00e9e libre de 14h00 [&hellip;]<\/p>\n","protected":false},"author":1,"featured_media":0,"template":"","meta":{"_price":"","_stock":"","_tribe_ticket_header":"","_tribe_default_ticket_provider":"","_tribe_ticket_capacity":"0","_ticket_start_date":"","_ticket_end_date":"","_tribe_ticket_show_description":"","_tribe_ticket_show_not_going":false,"_tribe_ticket_use_global_stock":"","_tribe_ticket_global_stock_level":"","_global_stock_mode":"","_global_stock_cap":"","_tribe_rsvp_for_event":"","_tribe_ticket_going_count":"","_tribe_ticket_not_going_count":"","_tribe_tickets_list":"[]","_tribe_ticket_has_attendee_info_fields":false,"_themeisle_gutenberg_block_has_review":false,"_tribe_events_status":"","_tribe_events_status_reason":"","footnotes":"","_tec_slr_enabled":"","_tec_slr_layout":""},"tags":[],"tribe_events_cat":[],"class_list":["post-3406","tribe_events","type-tribe_events","status-publish","hentry"],"ticketed":false,"_links":{"self":[{"href":"http:\/\/ufegeneve.com\/index.php\/wp-json\/wp\/v2\/tribe_events\/3406","targetHints":{"allow":["GET"]}}],"collection":[{"href":"http:\/\/ufegeneve.com\/index.php\/wp-json\/wp\/v2\/tribe_events"}],"about":[{"href":"http:\/\/ufegeneve.com\/index.php\/wp-json\/wp\/v2\/types\/tribe_events"}],"author":[{"embeddable":true,"href":"http:\/\/ufegeneve.com\/index.php\/wp-json\/wp\/v2\/users\/1"}],"version-history":[{"count":1,"href":"http:\/\/ufegeneve.com\/index.php\/wp-json\/wp\/v2\/tribe_events\/3406\/revisions"}],"predecessor-version":[{"id":3411,"href":"http:\/\/ufegeneve.com\/index.php\/wp-json\/wp\/v2\/tribe_events\/3406\/revisions\/3411"}],"wp:attachment":[{"href":"http:\/\/ufegeneve.com\/index.php\/wp-json\/wp\/v2\/media?parent=3406"}],"wp:term":[{"taxonomy":"post_tag","embeddable":true,"href":"http:\/\/ufegeneve.com\/index.php\/wp-json\/wp\/v2\/tags?post=3406"},{"taxonomy":"tribe_events_cat","embeddable":true,"href":"http:\/\/ufegeneve.com\/index.php\/wp-json\/wp\/v2\/tribe_events_cat?post=3406"}],"curies":[{"name":"wp","href":"https:\/\/api.w.org\/{rel}","templated":true}]}}