{"id":3420,"date":"2024-05-29T06:03:12","date_gmt":"2024-05-29T06:03:12","guid":{"rendered":"http:\/\/ufegeneve.com\/?post_type=tribe_events&#038;p=3420"},"modified":"2024-05-29T06:03:12","modified_gmt":"2024-05-29T06:03:12","slug":"conference-en-presentiel-suivie-dun-cocktail-dinatoire-les-incontournables-de-la-gestion-patrimoniale-franco-suisse-retraite-immobilier-et-transmission","status":"publish","type":"tribe_events","link":"http:\/\/ufegeneve.com\/index.php\/event\/conference-en-presentiel-suivie-dun-cocktail-dinatoire-les-incontournables-de-la-gestion-patrimoniale-franco-suisse-retraite-immobilier-et-transmission\/","title":{"rendered":"Conf\u00e9rence en pr\u00e9sentiel suivie d\u2019un cocktail d\u00eenatoire \u00abLes incontournables de la gestion patrimoniale Franco-Suisse: Retraite, immobilier et transmission\u00bb"},"content":{"rendered":"<p><a href=\"http:\/\/ufegeneve.com\/wp-content\/uploads\/2024\/05\/664f0fb524bdf.jpg\"><img loading=\"lazy\" decoding=\"async\" class=\"aligncenter size-full wp-image-3422\" src=\"http:\/\/ufegeneve.com\/wp-content\/uploads\/2024\/05\/664f0fb524bdf.jpg\" alt=\"\" width=\"712\" height=\"418\" srcset=\"http:\/\/ufegeneve.com\/wp-content\/uploads\/2024\/05\/664f0fb524bdf.jpg 712w, http:\/\/ufegeneve.com\/wp-content\/uploads\/2024\/05\/664f0fb524bdf-300x176.jpg 300w, http:\/\/ufegeneve.com\/wp-content\/uploads\/2024\/05\/664f0fb524bdf-600x352.jpg 600w\" sizes=\"auto, (max-width: 712px) 100vw, 712px\" \/><\/a><\/p>\n<p style=\"text-align: justify;\"><span style=\"color: #457589; font-family: arial; font-size: 14px; line-height: 150%;\">L\u2019Union des Fran\u00e7ais de l\u2019\u00c9tranger Gen\u00e8ve (UFE Gen\u00e8ve) et Cr\u00e9dit Agricole next bank vous proposent, avec leurs experts, de passer en revue les sp\u00e9cificit\u00e9s de la gestion patrimoniale Franco-Suisse: la pr\u00e9paration \u00e0 la retraite, la gestion du patrimoine immobilier et la transmission du patrimoine.<\/span><\/p>\n<p style=\"text-align: justify;\">\n<p style=\"line-height: 120%; text-align: center;\"><span style=\"color: #457589; font-family: arial; font-size: 16px;\">Conf\u00e9rence en pr\u00e9sentiel suivie d\u2019un cocktail d\u00eenatoire<\/span><br \/>\n<span style=\"font-size: 16px;\"><strong><span style=\"color: #457589; font-family: arial;\">\u00abLes incontournables de la gestion patrimoniale Franco-Suisse:<br \/>\nRetraite, immobilier et transmission\u00bb<\/span><\/strong><\/span><\/p>\n<p style=\"line-height: 120%; text-align: center;\"><span style=\"font-size: 16px;\"><strong><span style=\"color: #457589; font-family: arial;\">Mardi 18 juin 2024<\/span><\/strong><\/span><br \/>\n<span style=\"color: #457589; font-family: arial; font-size: 16px;\">De 18h00 \u00e0 21h30<\/span><br \/>\n<span style=\"color: #457589; font-family: arial; font-size: 16px;\">(d\u00e9but de la conf\u00e9rence \u00e0 18h30)<\/span><\/p>\n<p style=\"line-height: 120%; text-align: center;\"><span style=\"font-size: 16px;\"><strong><span style=\"color: #457589; font-family: arial;\">\u00c9cole H\u00f4teli\u00e8re de Gen\u00e8ve<\/span><\/strong><\/span><br \/>\n<span style=\"font-size: 16px;\"><strong><span style=\"color: #457589; font-family: arial;\">(Salle: L\u2019Entre\u2019Actes)<\/span><\/strong><\/span><br \/>\n<span style=\"color: #457589; font-family: arial; font-size: 16px;\">Avenue de la Paix 12<\/span><br \/>\n<span style=\"color: #457589; font-family: arial; font-size: 16px;\">1202 Gen\u00e8ve<\/span><\/p>\n<p style=\"line-height: 120%; text-align: center;\"><span style=\"font-size: 16px;\"><strong><span style=\"color: #457589; font-family: arial;\">Langue<\/span><\/strong><\/span><br \/>\n<span style=\"color: #457589; font-family: arial; font-size: 16px;\">Fran\u00e7ais<\/span><\/p>\n<p style=\"line-height: 120%; text-align: center;\">\n<p style=\"line-height: 110%; text-align: center;\"><span style=\"color: #11114e; font-family: arial; font-size: 12px;\">Ev\u00e8nement gratuit et nombre de places limit\u00e9.<\/span><br \/>\n<span style=\"color: #11114e; font-family: arial; font-size: 12px;\">Inscription obligatoire avant le 11 juin 2024.<\/span><\/p>\n<p><span style=\"color: #ba372a; font-family: arial; font-size: 12px; line-height: 150%;\"><span style=\"font-size: 14px; color: #11114e;\">En cas de d\u00e9sistement, nous vous remercions d\u2019avertir suffisamment \u00e0 l&rsquo;avance Linda CHEVALIER afin de permettre \u00e0 une personne sur la liste d\u2019attente d\u2019assister \u00e0 l\u2019\u00e9v\u00e8nement :<br \/>\n<\/span><br \/>\n<span class=\"\" style=\"font-family: arial; font-size: 14px; color: #11114e;\">Linda Chevalier<br class=\"\" aria-hidden=\"true\" \/>Conseill\u00e8re des Fran\u00e7ais de l\u2019Etranger pour la Circonscription de Gen\u00e8ve<br class=\"\" aria-hidden=\"true\" \/>Administratrice de l\u2019UFE Monde<br class=\"\" aria-hidden=\"true\" \/>Pr\u00e9sidente de l\u2019Union des Fran\u00e7ais de l\u2019Etranger, Repr\u00e9sentation de Gen\u00e8ve<br class=\"\" aria-hidden=\"true\" \/><a class=\"\" style=\"color: #11114e;\" href=\"mailto:lindachevalier@bluewin.ch\" target=\"_blank\" rel=\"noopener noreferrer\" data-auth=\"NotApplicable\" data-linkindex=\"0\">lindachevalier@bluewin.ch<\/a><br class=\"\" aria-hidden=\"true\" \/>Tel mobile +41 79 353 84 36<\/span><\/span><\/p>\n<p style=\"text-align: start;\"><strong style=\"color: #457589; font-family: arial; font-size: 14px; text-align: justify;\">Programme:<\/strong><\/p>\n<p style=\"text-align: start;\"><strong style=\"color: #457589; font-family: arial; font-size: 14px; text-align: justify;\">18h00 :<\/strong><span style=\"color: #457589; font-family: arial; font-size: 14px; text-align: justify;\"> Accueil des participants<\/span><\/p>\n<p style=\"line-height: 120%; text-align: justify;\"><span style=\"color: #457589; font-family: arial; font-size: 14px;\"><strong>18h30 :<\/strong> D\u00e9but de la conf\u00e9rence<\/span><\/p>\n<p style=\"line-height: 120%; text-align: justify;\"><span style=\"text-decoration: underline;\"><span style=\"color: #457589; font-family: arial; font-size: 14px; text-decoration: underline;\">Atelier 1 \u2013 Pr\u00e9parer votre d\u00e9part \u00e0 la retraite &amp; comprendre les changements r\u00e9glementaires en cours<\/span><\/span><br \/>\n<span style=\"color: #457589; font-family: arial; font-size: 14px;\">Carmen Morard &#8211; Wealth planner (Cr\u00e9dit Agricole next bank)<\/span><br \/>\n<span style=\"color: #457589; font-family: arial; font-size: 14px;\">Claudia Cav\u00e9 &#8211; Wealth Planner (Cr\u00e9dit Agricole next bank)<\/span><\/p>\n<p style=\"line-height: 120%; text-align: justify;\"><span style=\"text-decoration: underline;\"><span style=\"color: #457589; font-family: arial; font-size: 14px; text-decoration: underline;\">Atelier 2 \u2013 G\u00e9rer votre patrimoine immobilier et comprendre la fiscalit\u00e9 applicable<\/span><\/span><br \/>\n<span style=\"color: #457589; font-family: arial; font-size: 14px;\">Claudia Cav\u00e9 &#8211; Wealth Planner (Cr\u00e9dit Agricole next bank)<\/span><br \/>\n<span style=\"color: #457589; font-family: arial; font-size: 14px;\">Romain Munier &#8211; Wealth Planner (Cr\u00e9dit Agricole next bank)<\/span><\/p>\n<p style=\"line-height: 120%; text-align: justify;\"><span style=\"text-decoration: underline;\"><span style=\"color: #457589; font-family: arial; font-size: 14px; text-decoration: underline;\">Atelier 3 \u2013 Transmettre votre patrimoine<\/span><\/span><br \/>\n<span style=\"color: #457589; font-family: arial; font-size: 14px;\">Alexandre Bardot \u2013 Docteur en Droit &amp; Avocat au barreau de Paris et de Gen\u00e8ve (Lemania Law avocats)<\/span><\/p>\n<p style=\"line-height: 120%; text-align: justify;\"><span style=\"color: #457589; font-family: arial; font-size: 14px;\"><strong>19h30 :<\/strong> Cocktail d\u00eenatoire en pr\u00e9sence des intervenants<\/span><\/p>\n<p><a href=\"http:\/\/ufegeneve.com\/index.php\/conference-en-presentiel-suivie-dun-cocktail-dinatoire-les-incontournables-de-la-gestion-patrimoniale-franco-suisse-retraite-immobilier-et-transmission-mardi-18-juin-2024\/\" target=\"_blank\" rel=\"noopener\"><img loading=\"lazy\" decoding=\"async\" class=\"aligncenter size-full wp-image-3425\" src=\"http:\/\/ufegeneve.com\/wp-content\/uploads\/2024\/05\/inscription-1.jpg\" alt=\"\" width=\"171\" height=\"59\" \/><\/a><\/p>\n<p><strong style=\"color: #457589; font-family: arial; font-size: 14px; text-align: justify;\">Intervenants:<\/strong><\/p>\n<p><a href=\"http:\/\/ufegeneve.com\/wp-content\/uploads\/2024\/05\/66485ee4e852a.jpg\"><img loading=\"lazy\" decoding=\"async\" class=\"aligncenter size-full wp-image-3421\" src=\"http:\/\/ufegeneve.com\/wp-content\/uploads\/2024\/05\/66485ee4e852a.jpg\" alt=\"\" width=\"644\" height=\"205\" srcset=\"http:\/\/ufegeneve.com\/wp-content\/uploads\/2024\/05\/66485ee4e852a.jpg 644w, http:\/\/ufegeneve.com\/wp-content\/uploads\/2024\/05\/66485ee4e852a-300x95.jpg 300w, http:\/\/ufegeneve.com\/wp-content\/uploads\/2024\/05\/66485ee4e852a-600x191.jpg 600w\" sizes=\"auto, (max-width: 644px) 100vw, 644px\" \/><\/a><\/p>\n","protected":false},"excerpt":{"rendered":"<p>L\u2019Union des Fran\u00e7ais de l\u2019\u00c9tranger Gen\u00e8ve (UFE Gen\u00e8ve) et Cr\u00e9dit Agricole next bank vous proposent, avec leurs experts, de passer en revue les sp\u00e9cificit\u00e9s de la gestion patrimoniale Franco-Suisse: la pr\u00e9paration \u00e0 la retraite, la gestion du patrimoine immobilier et la transmission du patrimoine. Conf\u00e9rence en pr\u00e9sentiel suivie d\u2019un cocktail d\u00eenatoire \u00abLes incontournables de la [&hellip;]<\/p>\n","protected":false},"author":1,"featured_media":0,"template":"","meta":{"_price":"","_stock":"","_tribe_ticket_header":"","_tribe_default_ticket_provider":"","_tribe_ticket_capacity":"0","_ticket_start_date":"","_ticket_end_date":"","_tribe_ticket_show_description":"","_tribe_ticket_show_not_going":false,"_tribe_ticket_use_global_stock":"","_tribe_ticket_global_stock_level":"","_global_stock_mode":"","_global_stock_cap":"","_tribe_rsvp_for_event":"","_tribe_ticket_going_count":"","_tribe_ticket_not_going_count":"","_tribe_tickets_list":"[]","_tribe_ticket_has_attendee_info_fields":false,"_themeisle_gutenberg_block_has_review":false,"_tribe_events_status":"","_tribe_events_status_reason":"","footnotes":"","_tec_slr_enabled":"","_tec_slr_layout":""},"tags":[],"tribe_events_cat":[],"class_list":["post-3420","tribe_events","type-tribe_events","status-publish","hentry"],"ticketed":false,"_links":{"self":[{"href":"http:\/\/ufegeneve.com\/index.php\/wp-json\/wp\/v2\/tribe_events\/3420","targetHints":{"allow":["GET"]}}],"collection":[{"href":"http:\/\/ufegeneve.com\/index.php\/wp-json\/wp\/v2\/tribe_events"}],"about":[{"href":"http:\/\/ufegeneve.com\/index.php\/wp-json\/wp\/v2\/types\/tribe_events"}],"author":[{"embeddable":true,"href":"http:\/\/ufegeneve.com\/index.php\/wp-json\/wp\/v2\/users\/1"}],"version-history":[{"count":1,"href":"http:\/\/ufegeneve.com\/index.php\/wp-json\/wp\/v2\/tribe_events\/3420\/revisions"}],"predecessor-version":[{"id":3427,"href":"http:\/\/ufegeneve.com\/index.php\/wp-json\/wp\/v2\/tribe_events\/3420\/revisions\/3427"}],"wp:attachment":[{"href":"http:\/\/ufegeneve.com\/index.php\/wp-json\/wp\/v2\/media?parent=3420"}],"wp:term":[{"taxonomy":"post_tag","embeddable":true,"href":"http:\/\/ufegeneve.com\/index.php\/wp-json\/wp\/v2\/tags?post=3420"},{"taxonomy":"tribe_events_cat","embeddable":true,"href":"http:\/\/ufegeneve.com\/index.php\/wp-json\/wp\/v2\/tribe_events_cat?post=3420"}],"curies":[{"name":"wp","href":"https:\/\/api.w.org\/{rel}","templated":true}]}}