{"id":544,"date":"2017-08-21T10:35:56","date_gmt":"2017-08-21T10:35:56","guid":{"rendered":"http:\/\/ufegeneve.com\/?post_type=tribe_events&#038;p=544"},"modified":"2017-08-21T10:39:21","modified_gmt":"2017-08-21T10:39:21","slug":"conference-camille-pissarro-et-ses-descendants-5-generation","status":"publish","type":"tribe_events","link":"http:\/\/ufegeneve.com\/index.php\/event\/conference-camille-pissarro-et-ses-descendants-5-generation\/","title":{"rendered":"Conf\u00e9rence \u00ab\u00a0Camille Pissarro et ses descendants, 5 g\u00e9n\u00e9rations\u00a0\u00bb"},"content":{"rendered":"<p><img loading=\"lazy\" decoding=\"async\" class=\"size-full wp-image-547 aligncenter\" src=\"http:\/\/ufegeneve.com\/wp-content\/uploads\/2017\/08\/Image-Pissarro-FB.jpeg\" alt=\"\" width=\"299\" height=\"240\" \/><\/p>\n<p><span style=\"font-family: arial, helvetica, sans-serif; color: #000000;\">Chers membres et amis de l&rsquo;UFE Gen\u00e8ve,<\/span><\/p>\n<p><span style=\"font-family: arial, helvetica, sans-serif; color: #000000;\">Nous avons le plaisir de vous convier \u00e0 notre prochaine soir\u00e9e qui aura lieu<\/span><\/p>\n<p style=\"text-align: center;\"><strong><span style=\"font-family: arial, helvetica, sans-serif; color: #000000;\">le vendredi 15 septembre 2017, d\u00e8s 18h30<\/span><\/strong><\/p>\n<p style=\"text-align: center;\"><strong><span style=\"font-family: arial, helvetica, sans-serif; color: #000000;\">Salle Communale de Cologny<\/span><\/strong><\/p>\n<p style=\"text-align: center;\"><span style=\"font-family: arial, helvetica, sans-serif; color: #000000;\">Chemin de la Mairie 17, 1223 Cologny<\/span><\/p>\n<p><span style=\"font-family: arial, helvetica, sans-serif; color: #000000;\">Elle sera consacr\u00e9e \u00e0 une conf\u00e9rence exceptionnelle donn\u00e9e par L\u00e9lia Pissarro qui nous fait l\u2019honneur de sa pr\u00e9sence avec son mari David Stern<\/span><\/p>\n<p style=\"text-align: center;\"><span style=\"font-family: arial, helvetica, sans-serif; color: #000000;\">sur le th\u00e8me<\/span><\/p>\n<p style=\"text-align: center;\"><span style=\"color: #000000;\"><strong><span style=\"font-family: arial, helvetica, sans-serif;\">\u00ab Camille Pissarro et ses descendants, 5 g\u00e9n\u00e9rations \u00bb<\/span><\/strong><\/span><\/p>\n<p><span style=\"font-family: arial, helvetica, sans-serif; color: #000000;\">Nous vous encourageons vivement \u00e0 participer \u00e0 cette conf\u00e9rence et \u00e0 contribuer \u00e0 son succ\u00e8s.<\/span><\/p>\n<p><span style=\"font-family: arial, helvetica, sans-serif; color: #000000;\">La conf\u00e9rence sera suivie d\u2019un cocktail.<\/span><\/p>\n<p><span style=\"font-family: arial, helvetica, sans-serif; color: #000000;\">Pour ceux qui le souhaitent, un d\u00eener en pr\u00e9sence des conf\u00e9renciers suivra au bistro de l\u2019Auberge du Lion d\u2019Or \u00e0 Cologny (\u00e0 frais partag\u00e9s). Les places \u00e9tant limit\u00e9es, merci de nous faire savoir si vous d\u00e9sirez y participer.<\/span><\/p>\n<p><span style=\"font-family: arial, helvetica, sans-serif; color: #000000;\">Nous esp\u00e9rons vous retrouver nombreux lors de cette soir\u00e9e et vous adressons, chers membres et amis de l\u2019UFE Gen\u00e8ve, nos chaleureuses salutations.<\/span><\/p>\n<div style=\"text-align: right;\"><span style=\"font-family: arial, helvetica, sans-serif; color: #000000;\">Linda Chevalier<\/span><\/div>\n<div style=\"text-align: right;\"><span style=\"color: #000000; font-family: arial, helvetica, sans-serif;\">Pr\u00e9sidente UFE Gen\u00e8ve<\/span><\/div>\n<p><span style=\"font-family: arial, helvetica, sans-serif; color: #000000;\"><strong>INS<span style=\"color: #000000;\">CRIPTION<\/span><\/strong> &#8211; Conf\u00e9rence \u00ab Camille Pissarro et ses descendants, 5 g\u00e9n\u00e9rations \u00bb, Vendredi 15 septembre 2017 d\u00e8s 18h30<\/span><\/p>\n<p><span style=\"color: #000000;\"><strong><span style=\"font-family: arial, helvetica, sans-serif;\">D\u00e9roulement :<\/span><\/strong><\/span><\/p>\n<div><span style=\"font-family: arial, helvetica, sans-serif; color: #000000;\">18h30 : Accueil<\/span><\/div>\n<div><span style=\"font-family: arial, helvetica, sans-serif; color: #000000;\">19h00 : D\u00e9but de la Conf\u00e9rence<\/span><\/div>\n<div><span style=\"font-family: arial, helvetica, sans-serif; color: #000000;\">20h00 : Cocktail<\/span><\/div>\n<div><span style=\"font-family: arial, helvetica, sans-serif; color: #000000;\">21h15 : Repas<\/span><\/div>\n<p>&nbsp;<\/p>\n<p><span style=\"font-family: arial, helvetica, sans-serif; color: #000000;\">Merci de compl\u00e9ter le formulaire d&rsquo;inscription ci-dessous et de l\u2019adresser :<\/span><\/p>\n<div><span style=\"font-family: arial, helvetica, sans-serif; color: #000000;\">&#8211; par courrier : UFE Gen\u00e8ve, 6, rue Amat, 1202 Gen\u00e8ve<\/span><\/div>\n<div><span style=\"font-family: arial, helvetica, sans-serif; color: #000000;\">&#8211; par mail : contact@ufegeneve.com<\/span><\/div>\n<div><span style=\"font-family: arial, helvetica, sans-serif; color: #000000;\">&#8211; par fax: +41 22 731 08 44<\/span><\/div>\n<p><span style=\"font-family: arial, helvetica, sans-serif; color: #000000;\">T\u00e9l\u00e9phone : +41 22 731 39 55<\/span><\/p>\n<p><span style=\"font-family: arial, helvetica, sans-serif; color: #000000;\"><strong>Prix :<\/strong> 40 francs (membres) \/ 45 francs (non-membres)<\/span><\/p>\n<p><span style=\"color: #000000; font-family: arial, helvetica, sans-serif;\"><strong>Paiement :<\/strong> UNIQUEMENT par CCP \u2013<strong> aucun paiement accept\u00e9 sur place<\/strong><\/span><\/p>\n<p><span style=\"color: #000000; font-family: arial, helvetica, sans-serif;\">CCP n\u00b0 12-1 5736-0 | IBAN : CH53 0900 0000 1 201 57360<\/span><\/p>\n<p><span style=\"color: #000000; font-family: arial, helvetica, sans-serif;\">Tout d\u00e9sistement apr\u00e8s le 10 septembre sera d\u00fb.<\/span><\/p>\n<p><span style=\"color: #000000; font-family: arial, helvetica, sans-serif;\"><strong>Inscription obligatoire<\/strong> \u2013 SVP r\u00e9ponse \u00e0 retourner avant le 8 septembre 2017.<\/span><\/p>\n<p><span style=\"color: #000000; font-family: arial, helvetica, sans-serif;\">&#8212;&#8212;&#8212;&#8212;&#8212;&#8212;&#8212;&#8212;&#8212;&#8212;&#8212;&#8212;&#8212;&#8212;&#8212;&#8212;&#8212;&#8212;&#8212;&#8212;&#8212;&#8212;&#8212;&#8212;&#8212;&#8212;&#8212;&#8212;&#8212;&#8212;&#8212;&#8212;&#8212;&#8212;&#8212;&#8212;<\/span><\/p>\n<p><span style=\"color: #000000; font-family: arial, helvetica, sans-serif;\">Bulletin d\u2019inscription &#8211; Conf\u00e9rence Camille Pissarro \u2013 15 septembre 2017 d\u00e8s 18h30 \u00e0 Cologny<\/span><\/p>\n<p><span style=\"color: #000000; font-family: arial, helvetica, sans-serif;\">Nom, pr\u00e9nom : ____________________________________________________<\/span><\/p>\n<p><span style=\"color: #000000; font-family: arial, helvetica, sans-serif;\">T\u00e9l\u00e9phone : ______________________________________________________<\/span><\/p>\n<p><span style=\"color: #000000; font-family: arial, helvetica, sans-serif;\">E-mail : __________________________________________________________<\/span><\/p>\n<p><span style=\"color: #000000; font-family: arial, helvetica, sans-serif;\">J\u2019inscris d\u2019autres personnes : _________________________________________<\/span><\/p>\n<p><span style=\"color: #000000; font-family: arial, helvetica, sans-serif;\">Nombre d\u2019inscription pour :<\/span><\/p>\n<p><span style=\"color: #000000; font-family: arial, helvetica, sans-serif;\">Conf\u00e9rence _______________ et\/ou Repas (frais partag\u00e9s) ________________<\/span><\/p>\n<p><span style=\"color: #000000; font-family: arial, helvetica, sans-serif;\">Total \u00e0 payer sur le CCP de l\u2019UFE: ____________________________________<\/span><\/p>\n","protected":false},"excerpt":{"rendered":"<p>Chers membres et amis de l&rsquo;UFE Gen\u00e8ve, Nous avons le plaisir de vous convier \u00e0 notre prochaine soir\u00e9e qui aura lieu le vendredi 15 septembre 2017, d\u00e8s 18h30 Salle Communale de Cologny Chemin de la Mairie 17, 1223 Cologny Elle sera consacr\u00e9e \u00e0 une conf\u00e9rence exceptionnelle donn\u00e9e par L\u00e9lia Pissarro qui nous fait l\u2019honneur de [&hellip;]<\/p>\n","protected":false},"author":1,"featured_media":0,"template":"","meta":{"_price":"","_stock":"","_tribe_ticket_header":"","_tribe_default_ticket_provider":"","_tribe_ticket_capacity":"0","_ticket_start_date":"","_ticket_end_date":"","_tribe_ticket_show_description":"","_tribe_ticket_show_not_going":false,"_tribe_ticket_use_global_stock":"","_tribe_ticket_global_stock_level":"","_global_stock_mode":"","_global_stock_cap":"","_tribe_rsvp_for_event":"","_tribe_ticket_going_count":"","_tribe_ticket_not_going_count":"","_tribe_tickets_list":"[]","_tribe_ticket_has_attendee_info_fields":false,"_themeisle_gutenberg_block_has_review":false,"_tribe_events_status":"","_tribe_events_status_reason":"","footnotes":"","_tec_slr_enabled":"","_tec_slr_layout":""},"tags":[],"tribe_events_cat":[],"class_list":["post-544","tribe_events","type-tribe_events","status-publish","hentry"],"ticketed":false,"_links":{"self":[{"href":"http:\/\/ufegeneve.com\/index.php\/wp-json\/wp\/v2\/tribe_events\/544","targetHints":{"allow":["GET"]}}],"collection":[{"href":"http:\/\/ufegeneve.com\/index.php\/wp-json\/wp\/v2\/tribe_events"}],"about":[{"href":"http:\/\/ufegeneve.com\/index.php\/wp-json\/wp\/v2\/types\/tribe_events"}],"author":[{"embeddable":true,"href":"http:\/\/ufegeneve.com\/index.php\/wp-json\/wp\/v2\/users\/1"}],"version-history":[{"count":15,"href":"http:\/\/ufegeneve.com\/index.php\/wp-json\/wp\/v2\/tribe_events\/544\/revisions"}],"predecessor-version":[{"id":561,"href":"http:\/\/ufegeneve.com\/index.php\/wp-json\/wp\/v2\/tribe_events\/544\/revisions\/561"}],"wp:attachment":[{"href":"http:\/\/ufegeneve.com\/index.php\/wp-json\/wp\/v2\/media?parent=544"}],"wp:term":[{"taxonomy":"post_tag","embeddable":true,"href":"http:\/\/ufegeneve.com\/index.php\/wp-json\/wp\/v2\/tags?post=544"},{"taxonomy":"tribe_events_cat","embeddable":true,"href":"http:\/\/ufegeneve.com\/index.php\/wp-json\/wp\/v2\/tribe_events_cat?post=544"}],"curies":[{"name":"wp","href":"https:\/\/api.w.org\/{rel}","templated":true}]}}